{"id":2067,"date":"2024-06-10T17:21:35","date_gmt":"2024-06-10T15:21:35","guid":{"rendered":"https:\/\/unfestivalavillereal.org\/?page_id=2067"},"modified":"2024-06-20T15:59:44","modified_gmt":"2024-06-20T13:59:44","slug":"paris-sfait-la-belle","status":"publish","type":"page","link":"https:\/\/unfestivalavillereal.org\/index.php\/paris-sfait-la-belle\/","title":{"rendered":"PARIS S&rsquo;FAIT LA BELLE"},"content":{"rendered":"\n<p><em>de la compagnie Paris on the road<\/em><br>Dur\u00e9e 1h20<\/p>\n\n\n\n<p><strong>Les 5 et 10 juillet \u00e0 21h, suivi du bal DJ et buvette<\/strong><\/p>\n\n\n\n<p>\u00c9t\u00e9 2024, les J.O. envahissent Paris, la capitale est paralys\u00e9e. M\u00e9lodie en route vers le sud pour un stage de tango, tombe en panne sur une petite route de campagne.<br>Elle part chercher de l\u2019aide dans un bistrot o\u00f9 elle rencontre de dr\u00f4les de personnages au ton joyeux et d\u00e9cal\u00e9. Trop press\u00e9e de reprendre la route pour aller \u00e0 son stage, elle ne pr\u00eate pas tout de suite attention \u00e0 la Tour Eiffel qui est install\u00e9e fi\u00e8rement en pleine nature.<br>Un reportage t\u00e9l\u00e9 confirme cette information surr\u00e9aliste : la Tour Eiffel a disparu de Paris la veille des J.O. !<\/p>\n\n\n\n<p>Paris on the road ce n&rsquo;est pas seulement un spectacle, c&rsquo;est un v\u00e9ritable concept qui propose une immersion dans un d\u00e9cor vivant d&rsquo;un Paris d\u00e9cal\u00e9 et insolite !<\/p>\n\n\n\n<p>La petite troupe de Paris on the road part \u00e0 la rencontre des gens durant l&rsquo;\u00e9t\u00e9 2024. Les habitants de Viller\u00e9al seront invit\u00e9s \u00e0 participer au projet en amont via les associations locales.<\/p>\n\n\n\n<p>Un d\u00e9cor sera mont\u00e9\u00a0 en plein air avec une tour Eiffel de 11 m\u00e8tres de haut, un bistrot parisien avec sa terrasse, un petit mus\u00e9e du Paris insolite, des photos grand format de Robert Doisneau.<\/p>\n\n\n\n<p>Com\u00e9diens et musiciens professionnels joueront leur spectacle \u00ab Paris s\u2018fait la belle \u00bb au coeur de ce d\u00e9cor et inviteront les habitants \u00e0 y prendre part.<\/p>\n\n\n\n<p>Durant le Festival, deux repr\u00e9sentations du spectacle \u201cParis s&rsquo;fait la belle\u201d seront propos\u00e9es, des visites du petit mus\u00e9e du Paris insolite, un casting de com\u00e9diens, musiciens, danseurs pour jouer comme figurants dans le spectacle, des ateliers cr\u00e9atifs, des animations photos, des rencontres avec les com\u00e9diens\/musiciens.<\/p>\n\n\n\n<p><strong>MUS\u00c9E PARIS INSOLITE &amp; ATELIER <\/strong>: la compagnie Paris on the road<br>propose \u00e9galement des visites du mus\u00e9e du Paris insolite. Accueilli par<br>l\u2019association Eclats, ce mus\u00e9e itin\u00e9rant offre \u00e0 voir un Paris dr\u00f4le et<br>surprenant via des \u0153uvres d\u2019artistes de tous horizons. Ils proposeront<br>\u00e9galement des ateliers cr\u00e9atifs et animations photos tout public et gratuit<br>sans r\u00e9servation \u00e0 Eclats.<br><strong>DU 6 AU 10 JUILLET<\/strong><\/p>\n\n\n\n<p>\u00c9criture, mise en sc\u00e8ne <strong>Sonia Arnstam<\/strong>, cr\u00e9ation d\u00e9cors <strong>Dany Lof,<\/strong><br>costumes <strong>Val\u00e9rie Defrain,<\/strong> com\u00e9diens\/musiciens <strong>H\u00e9lo\u00efse Guillot,<\/strong><br><strong>Anne-Sophie Peron, Marcel Fran\u00e7ois, Dany Lof et Christophe Chatel<br>et avec la participation de nombreux habitants de Viller\u00e9al.<\/strong><\/p>\n","protected":false},"excerpt":{"rendered":"<p>de la compagnie Paris on the roadDur\u00e9e 1h20 Les 5 et 10 juillet \u00e0 21h, suivi du bal DJ et buvette \u00c9t\u00e9 2024, les J.O. envahissent Paris, la capitale est paralys\u00e9e. M\u00e9lodie en route vers le sud pour un stage de tango, tombe en panne sur une petite route de campagne.Elle part chercher de l\u2019aide &hellip; <\/p>\n<p class=\"link-more\"><a href=\"https:\/\/unfestivalavillereal.org\/index.php\/paris-sfait-la-belle\/\" class=\"more-link\">Continuer la lecture<span class=\"screen-reader-text\"> de &laquo;&nbsp;PARIS S&rsquo;FAIT LA BELLE&nbsp;&raquo;<\/span><\/a><\/p>\n","protected":false},"author":1,"featured_media":0,"parent":0,"menu_order":0,"comment_status":"closed","ping_status":"closed","template":"","meta":[],"_links":{"self":[{"href":"https:\/\/unfestivalavillereal.org\/index.php\/wp-json\/wp\/v2\/pages\/2067"}],"collection":[{"href":"https:\/\/unfestivalavillereal.org\/index.php\/wp-json\/wp\/v2\/pages"}],"about":[{"href":"https:\/\/unfestivalavillereal.org\/index.php\/wp-json\/wp\/v2\/types\/page"}],"author":[{"embeddable":true,"href":"https:\/\/unfestivalavillereal.org\/index.php\/wp-json\/wp\/v2\/users\/1"}],"replies":[{"embeddable":true,"href":"https:\/\/unfestivalavillereal.org\/index.php\/wp-json\/wp\/v2\/comments?post=2067"}],"version-history":[{"count":5,"href":"https:\/\/unfestivalavillereal.org\/index.php\/wp-json\/wp\/v2\/pages\/2067\/revisions"}],"predecessor-version":[{"id":2139,"href":"https:\/\/unfestivalavillereal.org\/index.php\/wp-json\/wp\/v2\/pages\/2067\/revisions\/2139"}],"wp:attachment":[{"href":"https:\/\/unfestivalavillereal.org\/index.php\/wp-json\/wp\/v2\/media?parent=2067"}],"curies":[{"name":"wp","href":"https:\/\/api.w.org\/{rel}","templated":true}]}}